{"id":12,"date":"2023-03-27T12:03:23","date_gmt":"2023-03-27T12:03:23","guid":{"rendered":"https:\/\/mebee.com.tr\/?page_id=12"},"modified":"2023-03-27T12:03:25","modified_gmt":"2023-03-27T12:03:25","slug":"%d8%a7%d9%84%d9%85%d8%b1%d8%aa%d8%ac%d8%b9%d8%a7%d8%aa_%d8%a7%d9%84%d9%85%d8%b3%d8%aa%d8%b1%d8%af%d8%a9-2","status":"publish","type":"page","link":"https:\/\/www.mebee.com.tr\/ar\/%d8%a7%d9%84%d9%85%d8%b1%d8%aa%d8%ac%d8%b9%d8%a7%d8%aa_%d8%a7%d9%84%d9%85%d8%b3%d8%aa%d8%b1%d8%af%d8%a9-2","title":{"rendered":"\u0627\u0644\u0636\u0645\u0627\u0646 \u0648\u0633\u064a\u0627\u0633\u0629 \u0627\u0644\u0625\u0631\u062c\u0627\u0639"},"content":{"rendered":"<p>\u00dcr\u00fcnlerimiz 24 ay t\u00fcketici garantisi kapsam\u0131ndad\u0131r. Her t\u00fcr \u015fikayetinizde \u00e7a\u011fr\u0131 merkezimizden ve e-posta adresimizden yard\u0131m talep edebilirsiniz.<\/p>\n\n\n\n<p>Alm\u0131\u015f oldu\u011funuz \u00fcr\u00fcn\u00fc kullanmadan, tahrip etmeden\/bozmadan teslim tarihinden itibaren on be\u015f (15) g\u00fcnl\u00fck s\u00fcre i\u00e7erisinde sat\u0131n almaktan vazge\u00e7erek teslim ald\u0131\u011f\u0131n\u0131z \u015fekli ile iade edebilirsiniz. \u00dcr\u00fcn\u00fc, \u00fcr\u00fcn faturas\u0131 ve iade sebebini i\u00e7eren bir dilek\u00e7e veya s\u00fcrekli veri ta\u015f\u0131y\u0131c\u0131s\u0131yla (e-posta) ile iade edebilirsiniz.<\/p>\n\n\n\n<p>Orijinal ambalaj\u0131 zarar g\u00f6rm\u00fc\u015f, tahrip edilmi\u015f..vb \u015fekildeki \u00fcr\u00fcnlerin iadesi kabul edilmez. Bu \u015fekilde g\u00f6nderilen \u00fcr\u00fcnler <strong>mebee.com.tr<\/strong> taraf\u0131ndan kabul edilmeyecek ve iadesi yap\u0131lmayacakt\u0131r. M\u00fc\u015fteri, s\u00fcresi i\u00e7inde sat\u0131\u015ftan cayd\u0131\u011f\u0131 hallerde \u00fcr\u00fcn\u00fc, kendisine teslim edildi\u011fi andaki durumu ile geri vermekle ve kullan\u0131m s\u00f6z konusu ise kullanma dolay\u0131s\u0131yla mal\u0131n ticari de\u011ferindeki kayb\u0131 tazminle y\u00fck\u00fcml\u00fcd\u00fcr.<\/p>\n\n\n\n<p>M\u00fc\u015fterilerimiz sat\u0131n alm\u0131\u015f olduklar\u0131 \u00fcr\u00fcn\u00fc almaktan vazge\u00e7meleri halinde, kargoya teslim edilmeden \u00f6nce, M\u00fc\u015fteri Hizmetleri\u2019ni arayarak iptal etme hakk\u0131na sahiptirler.<\/p>","protected":false},"excerpt":{"rendered":"<p>\u00dcr\u00fcnlerimiz 24 ay t\u00fcketici garantisi kapsam\u0131ndad\u0131r. Her t\u00fcr \u015fikayetinizde \u00e7a\u011fr\u0131 merkezimizden ve e-posta adresimizden yard\u0131m talep edebilirsiniz. Alm\u0131\u015f oldu\u011funuz \u00fcr\u00fcn\u00fc<\/p>","protected":false},"author":1,"featured_media":0,"parent":0,"menu_order":0,"comment_status":"closed","ping_status":"closed","template":"","meta":{"_joinchat":[],"footnotes":""},"class_list":["post-12","page","type-page","status-publish","hentry"],"_links":{"self":[{"href":"https:\/\/www.mebee.com.tr\/ar\/wp-json\/wp\/v2\/pages\/12","targetHints":{"allow":["GET"]}}],"collection":[{"href":"https:\/\/www.mebee.com.tr\/ar\/wp-json\/wp\/v2\/pages"}],"about":[{"href":"https:\/\/www.mebee.com.tr\/ar\/wp-json\/wp\/v2\/types\/page"}],"author":[{"embeddable":true,"href":"https:\/\/www.mebee.com.tr\/ar\/wp-json\/wp\/v2\/users\/1"}],"replies":[{"embeddable":true,"href":"https:\/\/www.mebee.com.tr\/ar\/wp-json\/wp\/v2\/comments?post=12"}],"version-history":[{"count":0,"href":"https:\/\/www.mebee.com.tr\/ar\/wp-json\/wp\/v2\/pages\/12\/revisions"}],"wp:attachment":[{"href":"https:\/\/www.mebee.com.tr\/ar\/wp-json\/wp\/v2\/media?parent=12"}],"curies":[{"name":"wp","href":"https:\/\/api.w.org\/{rel}","templated":true}]}}